{"id":1895,"date":"2018-07-12T21:07:11","date_gmt":"2018-07-12T19:07:11","guid":{"rendered":"http:\/\/www.stichtingdestad.com\/wordpress\/?p=1895"},"modified":"2024-07-06T22:18:47","modified_gmt":"2024-07-06T20:18:47","slug":"stadslab-spuikwartier","status":"publish","type":"terugblik","link":"https:\/\/www.stichtingdestad.com\/wordpress\/terugblik\/stadslab-spuikwartier\/","title":{"rendered":"Stadslab Spuikwartier"},"content":{"rendered":"<figure id=\"attachment_1896\" aria-describedby=\"caption-attachment-1896\" style=\"width: 1086px\" class=\"wp-caption alignleft\"><img loading=\"lazy\" decoding=\"async\" class=\" wp-image-1896\" src=\"http:\/\/www.stichtingdestad.com\/wordpress\/wp-content\/uploads\/2018\/11\/SPUILAB-02-IMG_2750-BdK-DE-STAD_A-150x74.jpg\" alt=\"\" width=\"1086\" height=\"536\" srcset=\"https:\/\/www.stichtingdestad.com\/wordpress\/wp-content\/uploads\/2018\/11\/SPUILAB-02-IMG_2750-BdK-DE-STAD_A-150x74.jpg 150w, https:\/\/www.stichtingdestad.com\/wordpress\/wp-content\/uploads\/2018\/11\/SPUILAB-02-IMG_2750-BdK-DE-STAD_A-400x197.jpg 400w, https:\/\/www.stichtingdestad.com\/wordpress\/wp-content\/uploads\/2018\/11\/SPUILAB-02-IMG_2750-BdK-DE-STAD_A-768x379.jpg 768w, https:\/\/www.stichtingdestad.com\/wordpress\/wp-content\/uploads\/2018\/11\/SPUILAB-02-IMG_2750-BdK-DE-STAD_A-1024x505.jpg 1024w, https:\/\/www.stichtingdestad.com\/wordpress\/wp-content\/uploads\/2018\/11\/SPUILAB-02-IMG_2750-BdK-DE-STAD_A.jpg 1403w\" sizes=\"(max-width: 1086px) 100vw, 1086px\" \/><figcaption id=\"caption-attachment-1896\" class=\"wp-caption-text\">foto: Bertus de Kock<\/figcaption><\/figure>\n<p class=\"p1\" style=\"text-align: left;\">In het Stadslab Spuikwartier is in de periode van april tot en met juni 2018 door circa zestig mensen intensief gewerkt aan een ontwerpend onderzoek, met als doel bouwstenen te produceren die de gemeente Dordrecht kan inzetten voor nieuwe beleidsontwikkeling in het gebied tussen de Singel en de Spuiboulevard. Een participatie nieuwe st\u0133l, vanwege het invlechten van kennis en kunde en betrokkenheid van de gemeente in dit traject. Het Stadslab is een vervolg op de door de gemeente in januari 2018 georganiseerde Spuisafari &#8211; het is een verdieping door middel van ontwerpend onderzoek. We z\u0133n trots op de resultaten, die in een buitengewoon positieve en creatieve sfeer tot stand kwamen. We z\u0133n zeer erkentel\u0133k voor de loyaliteit, motivatie en inbreng van eenieder en voor de unieke samenwerking met de gemeente. We hopen een waardevolle b\u0133drage te hebben geleverd aan een nieuwe toekomst van dit deel van Dordrecht. Het samenvattende document met de de resultaten is <strong><a href=\"https:\/\/drive.google.com\/file\/d\/11vMjprf-Rvw8C4ejM4Tem-YUWHJxTHeQ\/view?usp=sharing\" target=\"_blank\" rel=\"noopener noreferrer\">hier<\/a><\/strong> te bekijken.<\/p>\n<figure id=\"attachment_1898\" aria-describedby=\"caption-attachment-1898\" style=\"width: 1097px\" class=\"wp-caption alignleft\"><img loading=\"lazy\" decoding=\"async\" class=\" wp-image-1898\" src=\"http:\/\/www.stichtingdestad.com\/wordpress\/wp-content\/uploads\/2018\/11\/SPUILAB-02-IMG_2887-BdK-DE-STAD_A-150x98.jpg\" alt=\"\" width=\"1097\" height=\"717\" srcset=\"https:\/\/www.stichtingdestad.com\/wordpress\/wp-content\/uploads\/2018\/11\/SPUILAB-02-IMG_2887-BdK-DE-STAD_A-150x98.jpg 150w, https:\/\/www.stichtingdestad.com\/wordpress\/wp-content\/uploads\/2018\/11\/SPUILAB-02-IMG_2887-BdK-DE-STAD_A-400x262.jpg 400w\" sizes=\"(max-width: 1097px) 100vw, 1097px\" \/><figcaption id=\"caption-attachment-1898\" class=\"wp-caption-text\">foto: Bertus de Kock<\/figcaption><\/figure>\n<p class=\"p1\" style=\"text-align: left;\"><strong>Van Spuikwartier naar Stationskwartier<\/strong><br \/>\nHet Spuikwartier in Dordrecht is een gebied dat schreeuwt om aandacht. Het heeft een enorme potentie gezien de ligging tussen het spoor en de historische binnenstad. Op dit moment is het eerder een soort no go zone, met een verspreid liggende mengelmoes aan soorten woningen en kantoren. B\u0133 heftige regen is er grote wateroverlast. Een ambitieuze transformatie zou ook gediend z\u0133n met een andere naamgeving. De naam &#8216;Spuikwartier&#8217; is een door Stichting DE STAD bedachte werktitel. De naam \u2018Stationskwartier\u2019 is een beter keuze, zo bleek t\u0133dens het Stadslab. H\u0133 geeft direct weer wat het is: een b\u0133zondere w\u0133k in het centrum van de stad dicht b\u0133 het OV-station en met de historische binnenstad op loopafstand.<\/p>\n<p class=\"p1\" style=\"text-align: left;\"><strong>Betrokkenheid Stichting DE STAD<\/strong><br \/>\nIn het najaar van 2016 heeft Stichting DE STAD de eerste keer aandacht besteed aan het gebied. De gemeente had toen al veel eigendommen o.a. langs de Spuiboulevard in het bezit. T\u0133dens de debat avond van Spui tot Spoor werd gepleit voor een integrale benadering. Toen in de zomer van 2017 de scenario\u2019s voor de gebiedsontwikkeling werden gepresenteerd hebben w\u0133 als Stichting DE STAD de gemeente aangeboden om een rol te spelen in de verdere\u00a0 ontwikkelingen. Zo deden een aantal bestuursleden mee als groepsleiders t\u0133dens de Spuisafari, waarb\u0133 circa honderd mensen uit de stad zich hebben kunnen uitspreken over goede en slechte punten van het gebied. Deze resultaten hebben gediend als uitgangspunt voor ons Stadslab Spuikwartier, gestart in april en afgerond in juni 2018.<\/p>\n<figure id=\"attachment_1897\" aria-describedby=\"caption-attachment-1897\" style=\"width: 1099px\" class=\"wp-caption alignleft\"><img loading=\"lazy\" decoding=\"async\" class=\" wp-image-1897\" src=\"http:\/\/www.stichtingdestad.com\/wordpress\/wp-content\/uploads\/2018\/11\/SPUILAB-02-IMG_2869-BdK-DE-STAD_A-150x101.jpg\" alt=\"\" width=\"1099\" height=\"740\" srcset=\"https:\/\/www.stichtingdestad.com\/wordpress\/wp-content\/uploads\/2018\/11\/SPUILAB-02-IMG_2869-BdK-DE-STAD_A-150x101.jpg 150w, https:\/\/www.stichtingdestad.com\/wordpress\/wp-content\/uploads\/2018\/11\/SPUILAB-02-IMG_2869-BdK-DE-STAD_A-400x268.jpg 400w\" sizes=\"(max-width: 1099px) 100vw, 1099px\" \/><figcaption id=\"caption-attachment-1897\" class=\"wp-caption-text\">foto: Bertus de Kock<\/figcaption><\/figure>\n<p class=\"p1\" style=\"text-align: left;\"><strong>Het Stadslab<\/strong><br \/>\nHet Stadslab Spuikwartier heeft bestaan uit vier (mooie zomer)werkavonden, een busexcursie, een tussent\u0133dse publieksconsultatie in het Onderw\u0133smuseum en de eindoplevering aan het College van Burgemeester en Wethouders. Na de zomer zullen de resultaten aan de raad en de bewoners worden gepresenteerd.<\/p>\n<p class=\"p1\" style=\"text-align: left;\">Veertig personen hebben deelgenomen aan de werksessies, waarvan een deel specifiek geschoolde ontwerpers uit de stad en een deel niet specifiek geschoolde bewoners uit het gebied of betrokken b\u0133 de ontwikkelingen. Daarnaast waren er tien sprekers (waaronder medewerkers van de gemeente die ook hebben deelgenomen aan de gesprekken). De avonden onder leiding van Anneke van Veen starten met een korte filmimpressie van de vorige atelieravond samengesteld door Evelyn Jansen. Elke avond had een thema en werd ingeleid door sprekers: vertegenwoordigers van de gemeente en een expert van buiten de stad. De inleidingen werden gevolgd door werksessies met discussies, het maken van schetsen en maquettes, onderleiding van Moniek Klaren, Bertus de Kock en Hendrik Jan Groeneweg.<\/p>\n<p class=\"p1\" style=\"text-align: left;\">De resultaten werden plenair gedeeld en becommentarieerd door de vertegenwoordigers van de gemeente en de expert. De thema\u2019s waren:<br \/>\n<strong>Stadslab 1<\/strong><br \/>\nStadslab over het onderwerp &#8216;verkeer en parkeren&#8217;, met als externe deskundige Marc Verhe\u0133en , verkeerskundige en architect van de gemeente Rotterdam. Inleidingen namens de gemeente: Ciska Me\u0133er, projectleider Spuiboulevard, Jelger de Haas, verkeersdeskundige en Peter Vissers parkeerdeskundige. Bekijk <strong><a href=\"https:\/\/vimeo.com\/309640118?utm_source=email&amp;utm_medium=vimeo-cliptranscode-201504&amp;utm_campaign=28749&width=1080\" data-rel=\"lightbox-video-0\" target=\"_blank\" rel=\"noopener noreferrer\">hier<\/a><\/strong> de samenvatting van het 1e Stadslab. De presentatie van Marc Verheijen is <strong><a href=\"https:\/\/vimeo.com\/309639433?utm_source=email&amp;utm_medium=vimeo-cliptranscode-201504&amp;utm_campaign=28749&width=1080\" data-rel=\"lightbox-video-1\" target=\"_blank\" rel=\"noopener noreferrer\">hier<\/a><\/strong> terug te kijken.<br \/>\n<strong>Stadslab 2<\/strong><br \/>\nStadslab over het onderwerp &#8216;het stedel\u0133k weefsel&#8217;, met als externe deskundige Steven Delva van Delva Landscape Architects. Inleiding namens de gemeente: Valerie Koppelle, architect\/stedenbouwkundige.<br \/>\nBekijk <strong><a href=\"https:\/\/vimeo.com\/309639724?utm_source=email&amp;utm_medium=vimeo-cliptranscode-201504&amp;utm_campaign=28749&width=1080\" data-rel=\"lightbox-video-2\" target=\"_blank\" rel=\"noopener noreferrer\">hier<\/a><\/strong> de samenvatting van dit 2e Stadslab.<br \/>\n<strong>Stadslab 3<\/strong><br \/>\nStadslab over het onderwerp &#8216;openbare ruimte en duurzaamheid&#8217;, met als externe deskundige Sylvia Karres, Karres + Brands landscape and urban planning. Inleidingen namens de gemeente: Ellen Kelder, programma manager Water en Naoual Loiazizi, beleidsadviseur Duurzame Stad.<br \/>\nBekijk <strong><a href=\"https:\/\/vimeo.com\/311054820?utm_source=email&amp;utm_medium=vimeo-cliptranscode-201504&amp;utm_campaign=28749&width=1080\" data-rel=\"lightbox-video-3\" target=\"_blank\" rel=\"noopener noreferrer\">hier<\/a><\/strong> de presentatie van Sylvia Karres.<br \/>\n<strong>Stadslab 4<\/strong><br \/>\nStadslab over het onderwerp &#8216;het Huis van de stad&#8217;, met als externe deskundige Michiel Ried\u0133k, Neutelings Ried\u0133k Architects. Inleiding namens de gemeente: Frank Sieuwerts, projectdirecteur Huis van de stad. Inleiding namens de \u2018Bibliotheek aan zet\u2019: Ankie Kesseler, directeur bestuurder.<br \/>\nDe presentatie van Michiel Riedijk is <strong><a href=\"https:\/\/vimeo.com\/310074231?width=1080\" data-rel=\"lightbox-video-4\" target=\"_blank\" rel=\"noopener noreferrer\">hier<\/a> <\/strong>te bekijken.<\/p>\n<figure id=\"attachment_1904\" aria-describedby=\"caption-attachment-1904\" style=\"width: 1088px\" class=\"wp-caption alignleft\"><img loading=\"lazy\" decoding=\"async\" class=\" wp-image-1904\" src=\"http:\/\/www.stichtingdestad.com\/wordpress\/wp-content\/uploads\/2018\/11\/ADG_5150A-150x100.jpg\" alt=\"\" width=\"1088\" height=\"725\" srcset=\"https:\/\/www.stichtingdestad.com\/wordpress\/wp-content\/uploads\/2018\/11\/ADG_5150A-150x100.jpg 150w, https:\/\/www.stichtingdestad.com\/wordpress\/wp-content\/uploads\/2018\/11\/ADG_5150A-400x267.jpg 400w, https:\/\/www.stichtingdestad.com\/wordpress\/wp-content\/uploads\/2018\/11\/ADG_5150A-768x513.jpg 768w\" sizes=\"(max-width: 1088px) 100vw, 1088px\" \/><figcaption id=\"caption-attachment-1904\" class=\"wp-caption-text\">foto: Allard de Goeij<\/figcaption><\/figure>\n<p class=\"p1\" style=\"text-align: left;\">Evelyn Jansen heeft de filmopnames gemaakt van de inleidingen en de workshops.<\/p>\n<p class=\"p1\" style=\"text-align: left;\"><strong>Organisatie en samenwerking<\/strong><br \/>\nDe organisatie van het Stadslab Spuikwartier was in handen van Stichting DE STAD. Voortdurend heeft afstemming plaatsgevonden met de gemeente. Er werd overlegd over de agenda, actuele vragen en komende b\u0133eenkomsten en de organisatie van de excursie in het kader van de Dag van de Architectuur. Het Stadslab is mede gefinancierd door de gemeente Dordrecht.<\/p>\n<figure id=\"attachment_1903\" aria-describedby=\"caption-attachment-1903\" style=\"width: 1092px\" class=\"wp-caption alignleft\"><img loading=\"lazy\" decoding=\"async\" class=\" wp-image-1903\" src=\"http:\/\/www.stichtingdestad.com\/wordpress\/wp-content\/uploads\/2018\/11\/ADG_5149A-150x100.jpg\" alt=\"\" width=\"1092\" height=\"728\" srcset=\"https:\/\/www.stichtingdestad.com\/wordpress\/wp-content\/uploads\/2018\/11\/ADG_5149A-150x100.jpg 150w, https:\/\/www.stichtingdestad.com\/wordpress\/wp-content\/uploads\/2018\/11\/ADG_5149A-400x267.jpg 400w, https:\/\/www.stichtingdestad.com\/wordpress\/wp-content\/uploads\/2018\/11\/ADG_5149A-768x513.jpg 768w, https:\/\/www.stichtingdestad.com\/wordpress\/wp-content\/uploads\/2018\/11\/ADG_5149A-1024x684.jpg 1024w, https:\/\/www.stichtingdestad.com\/wordpress\/wp-content\/uploads\/2018\/11\/ADG_5149A.jpg 1403w\" sizes=\"(max-width: 1092px) 100vw, 1092px\" \/><figcaption id=\"caption-attachment-1903\" class=\"wp-caption-text\">foto: Allard de Goeij<\/figcaption><\/figure>\n<p class=\"p1\" style=\"text-align: left;\"><strong>Publieksavond<\/strong><br \/>\nDe publieksavond AAN JOU HET WOORD in het Onderw\u0133smuseum vond plaats op 30 mei 2018 onderleiding van Rinald van der Wal. T\u0133dens een drukbezochte presentatie van de resultaten van de eerste drie stadslabs in het Onderw\u0133smuseum konden de aanwezigen (v\u0133fenzestig personen) reageren op de voorgestelde bouwstenen. Algemeen werden de voorgestelde bouwstenen omarmd. Een aantal aanvullingen is meegenomen in de presentatie in dit document.<\/p>\n<p class=\"p1\" style=\"text-align: left;\"><strong>Excursie stadskantoren<\/strong><br \/>\nDe excursie naar de stadskantoren in Rotterdam, Deventer en N\u0133verdal vond plaats op 1 juni 2018. Deze excursie naar een aantal toonaangevende stadskantoren in het land, organiseerde Stichting DE STAD samen met de gemeente Dordrecht in het kader van de Dag van de Architectuur 2018. Naast een aantal vertegenwoordigers van de bibliotheek en de gemeente hadden zich ook ge\u00efnteresseerde bewoners opgegeven. Anneke van Veen interviewde alle deelnemers over hun ervaringen b\u0133 de bezochte gebouwen en vroeg naar hun verwachtingen van een nieuw stadskantoor. Algemeen werd uitgesproken dat het een Huis van de Stad moet z\u0133n (en dus geen Stadskantoor).<\/p>\n<figure id=\"attachment_1907\" aria-describedby=\"caption-attachment-1907\" style=\"width: 1080px\" class=\"wp-caption alignleft\"><img loading=\"lazy\" decoding=\"async\" class=\" wp-image-1907\" src=\"http:\/\/www.stichtingdestad.com\/wordpress\/wp-content\/uploads\/2018\/07\/DVDA2018-IMG_3629-BDK-STAD_A-150x100.jpg\" alt=\"\" width=\"1080\" height=\"720\" srcset=\"https:\/\/www.stichtingdestad.com\/wordpress\/wp-content\/uploads\/2018\/07\/DVDA2018-IMG_3629-BDK-STAD_A-150x100.jpg 150w, https:\/\/www.stichtingdestad.com\/wordpress\/wp-content\/uploads\/2018\/07\/DVDA2018-IMG_3629-BDK-STAD_A-400x267.jpg 400w, https:\/\/www.stichtingdestad.com\/wordpress\/wp-content\/uploads\/2018\/07\/DVDA2018-IMG_3629-BDK-STAD_A-768x512.jpg 768w, https:\/\/www.stichtingdestad.com\/wordpress\/wp-content\/uploads\/2018\/07\/DVDA2018-IMG_3629-BDK-STAD_A-1024x682.jpg 1024w, https:\/\/www.stichtingdestad.com\/wordpress\/wp-content\/uploads\/2018\/07\/DVDA2018-IMG_3629-BDK-STAD_A.jpg 1370w\" sizes=\"(max-width: 1080px) 100vw, 1080px\" \/><figcaption id=\"caption-attachment-1907\" class=\"wp-caption-text\">foto: Bertus de Kock<\/figcaption><\/figure>\n<p>&nbsp;<\/p>\n<p>Onlangs heeft RTV Dordrecht een <strong><a href=\"https:\/\/www.youtube.com\/watch?v=taBw2rOe4lE\" data-rel=\"lightbox-video-5\" target=\"_blank\" rel=\"noopener noreferrer\">reportage<\/a> <\/strong>gemaakt over het Spuikwartier en de StadsLABs; hierin komt bestuurslid Anneke van Veen uitgebreid aan het woord, evenals diverse raadsleden over de gemaakte plannen.<\/p>\n","protected":false},"excerpt":{"rendered":"<p>In het Stadslab Spuikwartier is in de periode van april tot en met juni 2018 door circa zestig mensen intensief gewerkt aan een ontwerpend onderzoek, met als doel bouwstenen te produceren die de gemeente Dordrecht kan inzetten voor nieuwe beleidsontwikkeling&#8230;<\/p>\n <div class=\"readmore-links\"> <p class=\"right\"> <a href=\"https:\/\/www.stichtingdestad.com\/wordpress\/terugblik\/stadslab-spuikwartier\/\" class=\"ReadMore wp-element-button\" title=\"Read More\">lees meer<\/a> <\/p><\/div>","protected":false},"author":1,"featured_media":1904,"template":"","tags":[],"terugblik-categorie":[],"acf":[],"yoast_head":"<!-- This site is optimized with the Yoast SEO plugin v24.3 - https:\/\/yoast.com\/wordpress\/plugins\/seo\/ -->\n<title>Stadslab Spuikwartier - Stichting DE STAD<\/title>\n<meta name=\"robots\" content=\"index, follow, max-snippet:-1, max-image-preview:large, max-video-preview:-1\" \/>\n<link rel=\"canonical\" href=\"https:\/\/www.stichtingdestad.com\/wordpress\/terugblik\/stadslab-spuikwartier\/\" \/>\n<meta property=\"og:locale\" content=\"nl_NL\" \/>\n<meta property=\"og:type\" content=\"article\" \/>\n<meta property=\"og:title\" content=\"Stadslab Spuikwartier - Stichting DE STAD\" \/>\n<meta property=\"og:description\" content=\"In het Stadslab Spuikwartier is in de periode van april tot en met juni 2018 door circa zestig mensen intensief gewerkt aan een ontwerpend onderzoek, met als doel bouwstenen te produceren die de gemeente Dordrecht kan inzetten voor nieuwe beleidsontwikkeling...\" \/>\n<meta property=\"og:url\" content=\"https:\/\/www.stichtingdestad.com\/wordpress\/terugblik\/stadslab-spuikwartier\/\" \/>\n<meta property=\"og:site_name\" content=\"Stichting DE STAD\" \/>\n<meta property=\"article:publisher\" content=\"https:\/\/nl-nl.facebook.com\/pages\/Stichting-DE-STAD\/210299792318587\" \/>\n<meta property=\"article:modified_time\" content=\"2024-07-06T20:18:47+00:00\" \/>\n<meta property=\"og:image\" content=\"https:\/\/www.stichtingdestad.com\/wordpress\/wp-content\/uploads\/2018\/11\/ADG_5150A.jpg\" \/>\n\t<meta property=\"og:image:width\" content=\"1403\" \/>\n\t<meta property=\"og:image:height\" content=\"937\" \/>\n\t<meta property=\"og:image:type\" content=\"image\/jpeg\" \/>\n<meta name=\"twitter:card\" content=\"summary_large_image\" \/>\n<meta name=\"twitter:label1\" content=\"Geschatte leestijd\" \/>\n\t<meta name=\"twitter:data1\" content=\"7 minuten\" \/>\n<script type=\"application\/ld+json\" class=\"yoast-schema-graph\">{\"@context\":\"https:\/\/schema.org\",\"@graph\":[{\"@type\":\"WebPage\",\"@id\":\"https:\/\/www.stichtingdestad.com\/wordpress\/terugblik\/stadslab-spuikwartier\/\",\"url\":\"https:\/\/www.stichtingdestad.com\/wordpress\/terugblik\/stadslab-spuikwartier\/\",\"name\":\"Stadslab Spuikwartier - Stichting DE STAD\",\"isPartOf\":{\"@id\":\"https:\/\/www.stichtingdestad.com\/wordpress\/#website\"},\"primaryImageOfPage\":{\"@id\":\"https:\/\/www.stichtingdestad.com\/wordpress\/terugblik\/stadslab-spuikwartier\/#primaryimage\"},\"image\":{\"@id\":\"https:\/\/www.stichtingdestad.com\/wordpress\/terugblik\/stadslab-spuikwartier\/#primaryimage\"},\"thumbnailUrl\":\"https:\/\/www.stichtingdestad.com\/wordpress\/wp-content\/uploads\/2018\/11\/ADG_5150A.jpg\",\"datePublished\":\"2018-07-12T19:07:11+00:00\",\"dateModified\":\"2024-07-06T20:18:47+00:00\",\"breadcrumb\":{\"@id\":\"https:\/\/www.stichtingdestad.com\/wordpress\/terugblik\/stadslab-spuikwartier\/#breadcrumb\"},\"inLanguage\":\"nl-NL\",\"potentialAction\":[{\"@type\":\"ReadAction\",\"target\":[\"https:\/\/www.stichtingdestad.com\/wordpress\/terugblik\/stadslab-spuikwartier\/\"]}]},{\"@type\":\"ImageObject\",\"inLanguage\":\"nl-NL\",\"@id\":\"https:\/\/www.stichtingdestad.com\/wordpress\/terugblik\/stadslab-spuikwartier\/#primaryimage\",\"url\":\"https:\/\/www.stichtingdestad.com\/wordpress\/wp-content\/uploads\/2018\/11\/ADG_5150A.jpg\",\"contentUrl\":\"https:\/\/www.stichtingdestad.com\/wordpress\/wp-content\/uploads\/2018\/11\/ADG_5150A.jpg\",\"width\":1403,\"height\":937,\"caption\":\"foto: Allard de Goeij\"},{\"@type\":\"BreadcrumbList\",\"@id\":\"https:\/\/www.stichtingdestad.com\/wordpress\/terugblik\/stadslab-spuikwartier\/#breadcrumb\",\"itemListElement\":[{\"@type\":\"ListItem\",\"position\":1,\"name\":\"Home\",\"item\":\"https:\/\/www.stichtingdestad.com\/wordpress\/\"},{\"@type\":\"ListItem\",\"position\":2,\"name\":\"Terugblik\",\"item\":\"https:\/\/www.stichtingdestad.com\/wordpress\/terugblik\/\"},{\"@type\":\"ListItem\",\"position\":3,\"name\":\"Stadslab Spuikwartier\"}]},{\"@type\":\"WebSite\",\"@id\":\"https:\/\/www.stichtingdestad.com\/wordpress\/#website\",\"url\":\"https:\/\/www.stichtingdestad.com\/wordpress\/\",\"name\":\"Stichting DE STAD\",\"description\":\"Architectuurcentrum van Dordrecht\",\"publisher\":{\"@id\":\"https:\/\/www.stichtingdestad.com\/wordpress\/#organization\"},\"potentialAction\":[{\"@type\":\"SearchAction\",\"target\":{\"@type\":\"EntryPoint\",\"urlTemplate\":\"https:\/\/www.stichtingdestad.com\/wordpress\/?s={search_term_string}\"},\"query-input\":{\"@type\":\"PropertyValueSpecification\",\"valueRequired\":true,\"valueName\":\"search_term_string\"}}],\"inLanguage\":\"nl-NL\"},{\"@type\":\"Organization\",\"@id\":\"https:\/\/www.stichtingdestad.com\/wordpress\/#organization\",\"name\":\"Stichting De Stad\",\"url\":\"https:\/\/www.stichtingdestad.com\/wordpress\/\",\"logo\":{\"@type\":\"ImageObject\",\"inLanguage\":\"nl-NL\",\"@id\":\"https:\/\/www.stichtingdestad.com\/wordpress\/#\/schema\/logo\/image\/\",\"url\":\"https:\/\/www.stichtingdestad.com\/wordpress\/wp-content\/uploads\/2022\/02\/cropped-De-Stad-beeldmerk_inverse_crop-scaled-e1644418555194.jpg\",\"contentUrl\":\"https:\/\/www.stichtingdestad.com\/wordpress\/wp-content\/uploads\/2022\/02\/cropped-De-Stad-beeldmerk_inverse_crop-scaled-e1644418555194.jpg\",\"width\":2560,\"height\":902,\"caption\":\"Stichting De Stad\"},\"image\":{\"@id\":\"https:\/\/www.stichtingdestad.com\/wordpress\/#\/schema\/logo\/image\/\"},\"sameAs\":[\"https:\/\/nl-nl.facebook.com\/pages\/Stichting-DE-STAD\/210299792318587\",\"https:\/\/www.instagram.com\/stad_dordrecht\/\"]}]}<\/script>\n<!-- \/ Yoast SEO plugin. -->","yoast_head_json":{"title":"Stadslab Spuikwartier - Stichting DE STAD","robots":{"index":"index","follow":"follow","max-snippet":"max-snippet:-1","max-image-preview":"max-image-preview:large","max-video-preview":"max-video-preview:-1"},"canonical":"https:\/\/www.stichtingdestad.com\/wordpress\/terugblik\/stadslab-spuikwartier\/","og_locale":"nl_NL","og_type":"article","og_title":"Stadslab Spuikwartier - Stichting DE STAD","og_description":"In het Stadslab Spuikwartier is in de periode van april tot en met juni 2018 door circa zestig mensen intensief gewerkt aan een ontwerpend onderzoek, met als doel bouwstenen te produceren die de gemeente Dordrecht kan inzetten voor nieuwe beleidsontwikkeling...","og_url":"https:\/\/www.stichtingdestad.com\/wordpress\/terugblik\/stadslab-spuikwartier\/","og_site_name":"Stichting DE STAD","article_publisher":"https:\/\/nl-nl.facebook.com\/pages\/Stichting-DE-STAD\/210299792318587","article_modified_time":"2024-07-06T20:18:47+00:00","og_image":[{"width":1403,"height":937,"url":"https:\/\/www.stichtingdestad.com\/wordpress\/wp-content\/uploads\/2018\/11\/ADG_5150A.jpg","type":"image\/jpeg"}],"twitter_card":"summary_large_image","twitter_misc":{"Geschatte leestijd":"7 minuten"},"schema":{"@context":"https:\/\/schema.org","@graph":[{"@type":"WebPage","@id":"https:\/\/www.stichtingdestad.com\/wordpress\/terugblik\/stadslab-spuikwartier\/","url":"https:\/\/www.stichtingdestad.com\/wordpress\/terugblik\/stadslab-spuikwartier\/","name":"Stadslab Spuikwartier - Stichting DE STAD","isPartOf":{"@id":"https:\/\/www.stichtingdestad.com\/wordpress\/#website"},"primaryImageOfPage":{"@id":"https:\/\/www.stichtingdestad.com\/wordpress\/terugblik\/stadslab-spuikwartier\/#primaryimage"},"image":{"@id":"https:\/\/www.stichtingdestad.com\/wordpress\/terugblik\/stadslab-spuikwartier\/#primaryimage"},"thumbnailUrl":"https:\/\/www.stichtingdestad.com\/wordpress\/wp-content\/uploads\/2018\/11\/ADG_5150A.jpg","datePublished":"2018-07-12T19:07:11+00:00","dateModified":"2024-07-06T20:18:47+00:00","breadcrumb":{"@id":"https:\/\/www.stichtingdestad.com\/wordpress\/terugblik\/stadslab-spuikwartier\/#breadcrumb"},"inLanguage":"nl-NL","potentialAction":[{"@type":"ReadAction","target":["https:\/\/www.stichtingdestad.com\/wordpress\/terugblik\/stadslab-spuikwartier\/"]}]},{"@type":"ImageObject","inLanguage":"nl-NL","@id":"https:\/\/www.stichtingdestad.com\/wordpress\/terugblik\/stadslab-spuikwartier\/#primaryimage","url":"https:\/\/www.stichtingdestad.com\/wordpress\/wp-content\/uploads\/2018\/11\/ADG_5150A.jpg","contentUrl":"https:\/\/www.stichtingdestad.com\/wordpress\/wp-content\/uploads\/2018\/11\/ADG_5150A.jpg","width":1403,"height":937,"caption":"foto: Allard de Goeij"},{"@type":"BreadcrumbList","@id":"https:\/\/www.stichtingdestad.com\/wordpress\/terugblik\/stadslab-spuikwartier\/#breadcrumb","itemListElement":[{"@type":"ListItem","position":1,"name":"Home","item":"https:\/\/www.stichtingdestad.com\/wordpress\/"},{"@type":"ListItem","position":2,"name":"Terugblik","item":"https:\/\/www.stichtingdestad.com\/wordpress\/terugblik\/"},{"@type":"ListItem","position":3,"name":"Stadslab Spuikwartier"}]},{"@type":"WebSite","@id":"https:\/\/www.stichtingdestad.com\/wordpress\/#website","url":"https:\/\/www.stichtingdestad.com\/wordpress\/","name":"Stichting DE STAD","description":"Architectuurcentrum van Dordrecht","publisher":{"@id":"https:\/\/www.stichtingdestad.com\/wordpress\/#organization"},"potentialAction":[{"@type":"SearchAction","target":{"@type":"EntryPoint","urlTemplate":"https:\/\/www.stichtingdestad.com\/wordpress\/?s={search_term_string}"},"query-input":{"@type":"PropertyValueSpecification","valueRequired":true,"valueName":"search_term_string"}}],"inLanguage":"nl-NL"},{"@type":"Organization","@id":"https:\/\/www.stichtingdestad.com\/wordpress\/#organization","name":"Stichting De Stad","url":"https:\/\/www.stichtingdestad.com\/wordpress\/","logo":{"@type":"ImageObject","inLanguage":"nl-NL","@id":"https:\/\/www.stichtingdestad.com\/wordpress\/#\/schema\/logo\/image\/","url":"https:\/\/www.stichtingdestad.com\/wordpress\/wp-content\/uploads\/2022\/02\/cropped-De-Stad-beeldmerk_inverse_crop-scaled-e1644418555194.jpg","contentUrl":"https:\/\/www.stichtingdestad.com\/wordpress\/wp-content\/uploads\/2022\/02\/cropped-De-Stad-beeldmerk_inverse_crop-scaled-e1644418555194.jpg","width":2560,"height":902,"caption":"Stichting De Stad"},"image":{"@id":"https:\/\/www.stichtingdestad.com\/wordpress\/#\/schema\/logo\/image\/"},"sameAs":["https:\/\/nl-nl.facebook.com\/pages\/Stichting-DE-STAD\/210299792318587","https:\/\/www.instagram.com\/stad_dordrecht\/"]}]}},"_links":{"self":[{"href":"https:\/\/www.stichtingdestad.com\/wordpress\/wp-json\/wp\/v2\/terugblik\/1895"}],"collection":[{"href":"https:\/\/www.stichtingdestad.com\/wordpress\/wp-json\/wp\/v2\/terugblik"}],"about":[{"href":"https:\/\/www.stichtingdestad.com\/wordpress\/wp-json\/wp\/v2\/types\/terugblik"}],"author":[{"embeddable":true,"href":"https:\/\/www.stichtingdestad.com\/wordpress\/wp-json\/wp\/v2\/users\/1"}],"wp:featuredmedia":[{"embeddable":true,"href":"https:\/\/www.stichtingdestad.com\/wordpress\/wp-json\/wp\/v2\/media\/1904"}],"wp:attachment":[{"href":"https:\/\/www.stichtingdestad.com\/wordpress\/wp-json\/wp\/v2\/media?parent=1895"}],"wp:term":[{"taxonomy":"post_tag","embeddable":true,"href":"https:\/\/www.stichtingdestad.com\/wordpress\/wp-json\/wp\/v2\/tags?post=1895"},{"taxonomy":"terugblik-categorie","embeddable":true,"href":"https:\/\/www.stichtingdestad.com\/wordpress\/wp-json\/wp\/v2\/terugblik-categorie?post=1895"}],"curies":[{"name":"wp","href":"https:\/\/api.w.org\/{rel}","templated":true}]}}